{"version":"1.0","provider_name":"KatBo R\u00e9ka","provider_url":"https:\/\/katboreka.cafeblog.hu","author_name":"KatBo R\u00e9ka","author_url":"https:\/\/katboreka.cafeblog.hu\/author\/katbo_reka\/","title":"N\u00e9prajz","html":"<a href=\"http:\/\/4.bp.blogspot.com\/_ooVtNl9PTXg\/SGFOUVi32iI\/AAAAAAAAB8Y\/JdWBlLzxOz0\/s1600-h\/g%C3%B3lya.jpg\"><img alt=\"\" border=\"0\" id=\"BLOGGER_PHOTO_ID_5215535954759506466\" src=\"https:\/\/4.bp.blogspot.com\/_ooVtNl9PTXg\/SGFOUVi32iI\/AAAAAAAAB8Y\/JdWBlLzxOz0\/s200\/g%C3%B3lya.jpg\" style=\"cursor: hand;margin: 0px auto 10px;text-align: center\" \/><\/a><br \/><div>Sz\u00edvesen \u00edrok n\u00e9prajzi vonatkoz\u00e1s\u00fa dolgokr\u00f3l, mert sz\u00edvem cs\u00fccske, s\u0151t \u00e9letem r\u00e9sze. Nem vagyok n\u00e9prajz kutat\u00f3, s\u0151t gy\u0171jt\u00e9sen sem j\u00e1rtam soha, csak egyszer\u0171en \u00e9rdekel minden ami \u0151seink \u00e9let\u00e9nek szerves r\u00e9sze volt. M\u00e1r kiskoromban ( sz\u00fcletett pestik\u00e9nt) \"parasztl\u00e1nyosat\"j\u00e1tszottunk a kertben. Nagyon sokszor k\u00e9pzeltem bele magam egy szeg\u00e9ny sors\u00fa parasztl\u00e1ny hely\u00e9be, \u00edgy a h\u00e1zimunk\u00e1ban val\u00f3 seg\u00edts\u00e9g is k\u00f6nnyebben ment. (Teljesen kiegyens\u00falyozott szeret\u0151 csal\u00e1dban n\u0151ttem fel :-D ) Most m\u00e1r tudatosan alak\u00edtom ilyen ir\u00e1nyba az \u00e9letemet. Majd elv\u00e1lik, hogy hov\u00e1 jutunk. <br \/><br \/><\/div><div>A n\u00e9pszok\u00e1sokr\u00f3l most csak r\u00f6viden annyit, hogy am\u00edg a B\u00e1lint napot \"Valentin napk\u00e9nt\" ismerj\u00fck meg \u00e9s \u00edgy v\u00e1lik k\u00f6zismert\u00e9, addig b\u0151ven van mit \"\u00e1polnunk\" a n\u00e9phagyom\u00e1nyok kapcs\u00e1n. Mert, hogy a B\u00e1lint nap, a Magyar n\u00e9phagyom\u00e1nyban is igen r\u00e9g\u00f3ta \u00e9l\u0151 \u00fcnnep. Sok helyen (Debrecen k\u00f6rny\u00e9ke) \u00fagy tartj\u00e1k, hogy ilyenkor v\u00e1lasztanak a verebek p\u00e1rt maguknak. Csongr\u00e1d megye: madarak etet\u00e9se volt szok\u00e1s. Id\u0151t is j\u00f3soltak ezen a napon. <\/div><div>Ma, Szent Iv\u00e1n \u00e9jjel\u00e9n, (j\u00fani 24.) (ny\u00e1ri napfordul\u00f3 \u00fcnnepe ),szertart\u00e1sos t\u0171zgy\u00fajt\u00e1s , t\u0171zugr\u00e1s a \"szok\u00e1s\".<\/div><div>Ez a t\u0171z v\u00e9delmet jelentett k\u00fcl\u00f6nb\u00f6z\u0151 id\u0151j\u00e1r\u00e1si katasztr\u00f3f\u00e1k ellen, betegs\u00e9gt\u0151l \u00e9s el\u0151seg\u00edti a j\u00f3 term\u00e9st. Ebben a t\u0171zben s\u00fct\u00f6tt gy\u00fcm\u00f6lcs\u00f6t, vagy felette f\u00fcst\u00f6lt vir\u00e1got szint\u00e9n gy\u00f3gy\u00edt\u00f3 erej\u0171nek tartott\u00e1k.<\/div><div>A t\u0171zugr\u00e1snak eg\u00e9szs\u00e9g- \u00e9s szerelemvar\u00e1zsl\u00f3 c\u00e9lja volt.<\/div><div>Ha t\u00e9nyleg \u00e9rdekel ez Benneteket, sz\u00edvesen \u00edrok ilyen vonatko\u00e1s\u00fa dolgokr\u00f3l.<\/div>","type":"rich"}